{"id":7,"date":"2023-06-22T08:01:26","date_gmt":"2023-06-22T08:01:26","guid":{"rendered":"https:\/\/uid-cloud18.segi.ulg.ac.be\/planicrise\/?page_id=7"},"modified":"2026-03-23T09:54:36","modified_gmt":"2026-03-23T09:54:36","slug":"accueil","status":"publish","type":"page","link":"https:\/\/www.planicrise.be\/","title":{"rendered":"Contexte"},"content":{"rendered":"\n<p class=\"has-text-align-left\">L&#8217;actualit\u00e9 montre r\u00e9guli\u00e8rement la n\u00e9cessit\u00e9 de former les acteurs et actrices amen\u00e9s \u00e0 jouer un r\u00f4le dans la gestion de crises, du niveau local au niveau national. Une connaissance approfondie des services impliqu\u00e9s, une bonne connaissance de la situation de crise et une prise de d\u00e9cision rapide sont essentielles pour g\u00e9rer les crises et leurs cons\u00e9quences.<\/p>\n\n\n<div class=\"wp-block-image\">\n<figure class=\"alignright size-full is-resized\"><img loading=\"lazy\" decoding=\"async\" width=\"640\" height=\"425\" src=\"https:\/\/uid-cloud18.segi.ulg.ac.be\/planicrise\/wp-content\/uploads\/2023\/06\/Bomberos_Valencia_en_Fallas_2022.jpg\" alt=\"\" class=\"wp-image-102\" style=\"width:332px;height:220px\"\/><\/figure>\n<\/div>\n\n\n<p>L\u2019\u00e9volution soci\u00e9tale, technologique et climatique des derni\u00e8res d\u00e9cennies expose la population \u00e0 des risques in\u00e9dits, \u00e9tendant la responsabilit\u00e9 des acteurs publics locaux \u00e0 des domaines aussi vari\u00e9s que complexes. \u00c0 cette fin, le certificat PlaniCrise vient compl\u00e9ter l\u2019offre de formation existante en proposant un cursus faisant intervenir diff\u00e9rents partenaires du monde professionnel et universitaire, apportant chacun leur expertise. La formation offre une approche globale des diff\u00e9rentes dimensions pr\u00e9sentes en mati\u00e8re d\u2019anticipation, de planification d\u2019urgence et de gestion de crise en abordant notamment les aspects juridiques, institutionnels, communicationnels et organisationnels.<\/p>\n\n\n\n<p class=\"has-medium-font-size\" style=\"font-style:normal;font-weight:700\">Objectifs<\/p>\n\n\n\n<p>En alliant pratique et th\u00e9orie, la formation offre aux \u00e9tudiants et \u00e9tudiantes une grille d\u2019analyse g\u00e9n\u00e9rale directement applicable dans leurs activit\u00e9s professionnelles. Les enseignements sont construits selon une approche int\u00e9gr\u00e9e, participative, multidisciplinaire, pragmatique et ancr\u00e9e dans la r\u00e9alit\u00e9 de terrain. Gr\u00e2ce \u00e0 un corps professoral compos\u00e9 d\u2019acteurs du terrain et d\u2019acad\u00e9miques des trois universit\u00e9s francophones partenaires (ULi\u00e8ge, UCLouvain et UMons), apportant chacun son expertise, les participants suivent une formation de pointe dans le domaine de la gestion de crise et la planification d\u2019urgence.<\/p>\n\n\n\n<p>\u00c0 l\u2019issue de la formation, les participant\u00b7es seront capables (entre autres) de :<\/p>\n\n\n\n<ul class=\"wp-block-list\">\n<li>Comprendre le cadrage th\u00e9orique et philosophique de la planification d\u2019urgence et la gestion de crise en Belgique ;<\/li>\n\n\n\n<li>D\u00e9velopper un r\u00e9seau d\u2019acteurs pertinents pour la gestion d\u2019une crise dans une perspective interdisciplinaire ;<\/li>\n\n\n\n<li>Travailler sur l\u2019anticipation des risques et des crises.<\/li>\n<\/ul>\n\n\n<div class=\"wp-block-image\">\n<figure class=\"alignleft size-full is-resized\"><img loading=\"lazy\" decoding=\"async\" width=\"640\" height=\"480\" src=\"https:\/\/uid-cloud18.segi.ulg.ac.be\/planicrise\/wp-content\/uploads\/2023\/06\/640px-Underwater_car_floods_in_Paris_2.jpg\" alt=\"\" class=\"wp-image-108\" style=\"width:222px;height:167px\"\/><\/figure>\n<\/div>\n\n\n<p class=\"has-medium-font-size\" style=\"font-style:normal;font-weight:700\">Une formation compl\u00e9mentaire en Belgique<\/p>\n\n\n\n<p>Il existe pour le moment deux formations clefs \u00e0 destination des gestionnaires de crise en Belgique francophone, le certificat interuniversitaire en Gestion de crise et planification d\u2019urgence (Planicom &#8211; Uli\u00e8ge et UCL ; <a href=\"https:\/\/www.planicom.be\/\" target=\"_blank\" rel=\"noreferrer noopener\">https:\/\/www.planicom.be\/<\/a>), et le certificat en Gestion multidisciplinaire des situations d\u2019exception (ULB). Le certificat PlaniCrise int\u00e8gre les enseignements de PlaniCom, auquel viennent s\u2019ajouter de nouveaux modules pour un total de 30 cr\u00e9dits.<\/p>\n\n\n\n<p class=\"has-medium-font-size\" style=\"font-style:normal;font-weight:700\">Public cible<\/p>\n\n\n\n<div class=\"wp-block-group is-vertical is-layout-flex wp-container-core-group-is-layout-8cf370e7 wp-block-group-is-layout-flex\">\n<ul class=\"wp-block-list\">\n<li>Coordinateurs planification d\u2019urgence tels que d\u00e9sign\u00e9s par l\u2019arr\u00eat\u00e9 royal du 22 mai 2019 relatif \u00e0 la planification d\u2019urgence et la gestion de crise<\/li>\n<\/ul>\n\n\n\n<ul class=\"wp-block-list\">\n<li>Autorit\u00e9s locales, bourgmestres et \u00e9chevins, directeurs g\u00e9n\u00e9raux des communes, coordinateurs planification d\u2019urgence ou responsables communication (au niveau communal ou provincial), acteurs du centre national ou r\u00e9gional de crise<\/li>\n<\/ul>\n\n\n\n<ul class=\"wp-block-list\">\n<li>Ensemble des acteurs issus de diff\u00e9rentes disciplines (zones de secours, zones de police locales, police f\u00e9d\u00e9rale, d\u00e9fense, protection civile, etc.)<\/li>\n<\/ul>\n\n\n\n<ul class=\"wp-block-list\">\n<li>Ensemble des acteurs issus d\u2019une organisation publique ou priv\u00e9e pouvant \u00eatre impliqu\u00e9e dans la planification d\u2019urgence et la gestion de crise (entreprises \u00e0 risques &#8211; Seveso, soci\u00e9t\u00e9 de transport, prison, etc.)<\/li>\n<\/ul>\n<\/div>\n","protected":false},"excerpt":{"rendered":"<p>L&#8217;actualit\u00e9 montre r\u00e9guli\u00e8rement la n\u00e9cessit\u00e9 de former les acteurs et actrices amen\u00e9s \u00e0 jouer un r\u00f4le dans la gestion de crises, du niveau local au niveau national. Une connaissance approfondie des services impliqu\u00e9s, une bonne connaissance de la situation de crise et une prise de d\u00e9cision rapide sont essentielles pour g\u00e9rer les crises et leurs &#8230; <a title=\"Contexte\" class=\"read-more\" href=\"https:\/\/www.planicrise.be\/\" aria-label=\"More on Contexte\">Read more<\/a><\/p>\n","protected":false},"author":3,"featured_media":0,"parent":0,"menu_order":1,"comment_status":"closed","ping_status":"closed","template":"","meta":{"footnotes":""},"class_list":["post-7","page","type-page","status-publish"],"_links":{"self":[{"href":"https:\/\/www.planicrise.be\/index.php\/wp-json\/wp\/v2\/pages\/7","targetHints":{"allow":["GET"]}}],"collection":[{"href":"https:\/\/www.planicrise.be\/index.php\/wp-json\/wp\/v2\/pages"}],"about":[{"href":"https:\/\/www.planicrise.be\/index.php\/wp-json\/wp\/v2\/types\/page"}],"author":[{"embeddable":true,"href":"https:\/\/www.planicrise.be\/index.php\/wp-json\/wp\/v2\/users\/3"}],"replies":[{"embeddable":true,"href":"https:\/\/www.planicrise.be\/index.php\/wp-json\/wp\/v2\/comments?post=7"}],"version-history":[{"count":16,"href":"https:\/\/www.planicrise.be\/index.php\/wp-json\/wp\/v2\/pages\/7\/revisions"}],"predecessor-version":[{"id":251,"href":"https:\/\/www.planicrise.be\/index.php\/wp-json\/wp\/v2\/pages\/7\/revisions\/251"}],"wp:attachment":[{"href":"https:\/\/www.planicrise.be\/index.php\/wp-json\/wp\/v2\/media?parent=7"}],"curies":[{"name":"wp","href":"https:\/\/api.w.org\/{rel}","templated":true}]}}